{"id":5097,"date":"2023-07-14T07:32:28","date_gmt":"2023-07-14T07:32:28","guid":{"rendered":"https:\/\/www.eventi.es\/eventos\/?post_type=event&#038;p=5097"},"modified":"2023-07-14T07:32:28","modified_gmt":"2023-07-14T07:32:28","slug":"noite-no-mosteiro-de-o-couto-2","status":"publish","type":"event","link":"https:\/\/www.eventi.es\/eventos\/event\/noite-no-mosteiro-de-o-couto-2\/","title":{"rendered":"Noite No Mosteiro de O Couto"},"content":{"rendered":"\n<h2 class=\"wp-block-heading\">Nuevo formato<\/h2>\n\n\n\n<p>El pr\u00f3ximo d\u00eda 15 estrenaremos el nuevo formato de la producci\u00f3n Noite No Mosteiro\u00ae, en el monasterio del Couto (tambi\u00e9n llamado San Marti\u00f1o de Xuvia).<\/p>\n\n\n\n<p>El nuevo formato contempla la incorporaci\u00f3n de rob\u00f3tica a la iluminaci\u00f3n, adem\u00e1s de uno o varios pases de \u00abiluminaci\u00f3n musicada\u00bb en la que la iluminaci\u00f3n del monasterio seguir\u00e1 una coreograf\u00eda al ritmo de un fondo musical. Incorporamos tambi\u00e9n al nuevo formato la posibilidad de un concierto extra durante la tarde, previo al encendido de la iluminaci\u00f3n, as\u00ed como la posibilidad de incorporar v\u00eddeo mapping (animaci\u00f3n 3D proyectada sobre las paredes).<\/p>\n\n\n\n<p>En el caso concreto del evento de este s\u00e1bado en el monasterio de O Couto, este es el programa de contenidos:<\/p>\n\n\n\n<ul class=\"wp-block-list\">\n<li>22:30 h 1\u00ba pase concierto m\u00fasica sacra. Encendido de la iluminaci\u00f3n<\/li>\n\n\n\n<li>22:50 h Fin 1\u00ba pase<\/li>\n\n\n\n<li>22:55 h 1\u00ba pase iluminaci\u00f3n musicalizada<\/li>\n\n\n\n<li>23:00 h fin 1\u00ba pase iluminaci\u00f3n musicalizada<\/li>\n\n\n\n<li>23:05 h 2\u00ba pase concierto m\u00fasica sacra<\/li>\n\n\n\n<li>23:25 h Fin 2\u00ba pase<\/li>\n\n\n\n<li>23:30 h 2\u00ba pase iluminaci\u00f3n musicalizada<\/li>\n\n\n\n<li>23:35 h fin 2\u00ba pase iluminaci\u00f3n musicalizada<\/li>\n\n\n\n<li>23:45 h 3\u00ba pase concierto m\u00fasica sacra<\/li>\n\n\n\n<li>00:05 h Fin 3\u00ba pase concierto<\/li>\n\n\n\n<li>00:20 h 3\u00ba pase iluminaci\u00f3n musicalizada<\/li>\n\n\n\n<li>00:25 h Fin 3\u00ba pase iluminaci\u00f3n musicalizada<\/li>\n\n\n\n<li>01:00 h Fin del evento<\/li>\n<\/ul>\n\n\n\n<p>Los horarios as\u00ed como el n\u00famero de pases son orientativos y depender\u00e1n del n\u00famero de asistentes y del aforo de la iglesia, donde tendr\u00e1 lugar el concierto. Asimismo, el encendido de la iluminaci\u00f3n depender\u00e1 de la oscuridad del momento.<\/p>\n\n\n\n<p>El monasterio estar\u00e1 iluminado por el frente, parte posterior (paralelo a la v\u00eda del tren), patio e iglesia. En este monasterio la zona m\u00e1s vistosa para la iluminaci\u00f3n musicada es la parte trasera, junto a la v\u00eda.<\/p>\n\n\n\n<p>El acceso a cada pase del concierto ser\u00e1 por orden de llegada, libre y gratuito, hasta completar el aforo.<\/p>\n","protected":false},"excerpt":{"rendered":"<p>El pr\u00f3ximo d\u00eda 15 estrenaremos el nuevo formato de la producci\u00f3n Noite No Mosteiro\u00ae, en el monasterio del Couto (tambi\u00e9n llamado San Marti\u00f1o de Xuvia).<\/p>\n","protected":false},"author":1,"featured_media":5098,"comment_status":"open","ping_status":"closed","template":"","meta":{"_themeisle_gutenberg_block_has_review":false,"footnotes":""},"eventcat":[108,109,110,50],"organizer":[277],"event_tags":[463,464,71,95,70,61],"location":[145],"class_list":["post-5097","event","type-event","status-publish","has-post-thumbnail","hentry","eventcat-concierto","eventcat-cultura","eventcat-ocio-nocturno","eventcat-turismo","organizer-concello-de-naron","event_tags-conciertos-en-naron","event_tags-eventi","event_tags-musica","event_tags-noite-no-mosteiro","event_tags-ocio-nocturno","event_tags-turismo","location-naron"],"_links":{"self":[{"href":"https:\/\/www.eventi.es\/eventos\/wp-json\/wp\/v2\/event\/5097","targetHints":{"allow":["GET"]}}],"collection":[{"href":"https:\/\/www.eventi.es\/eventos\/wp-json\/wp\/v2\/event"}],"about":[{"href":"https:\/\/www.eventi.es\/eventos\/wp-json\/wp\/v2\/types\/event"}],"author":[{"embeddable":true,"href":"https:\/\/www.eventi.es\/eventos\/wp-json\/wp\/v2\/users\/1"}],"replies":[{"embeddable":true,"href":"https:\/\/www.eventi.es\/eventos\/wp-json\/wp\/v2\/comments?post=5097"}],"version-history":[{"count":1,"href":"https:\/\/www.eventi.es\/eventos\/wp-json\/wp\/v2\/event\/5097\/revisions"}],"predecessor-version":[{"id":5099,"href":"https:\/\/www.eventi.es\/eventos\/wp-json\/wp\/v2\/event\/5097\/revisions\/5099"}],"wp:featuredmedia":[{"embeddable":true,"href":"https:\/\/www.eventi.es\/eventos\/wp-json\/wp\/v2\/media\/5098"}],"wp:attachment":[{"href":"https:\/\/www.eventi.es\/eventos\/wp-json\/wp\/v2\/media?parent=5097"}],"wp:term":[{"taxonomy":"eventcat","embeddable":true,"href":"https:\/\/www.eventi.es\/eventos\/wp-json\/wp\/v2\/eventcat?post=5097"},{"taxonomy":"organizer","embeddable":true,"href":"https:\/\/www.eventi.es\/eventos\/wp-json\/wp\/v2\/organizer?post=5097"},{"taxonomy":"event_tags","embeddable":true,"href":"https:\/\/www.eventi.es\/eventos\/wp-json\/wp\/v2\/event_tags?post=5097"},{"taxonomy":"location","embeddable":true,"href":"https:\/\/www.eventi.es\/eventos\/wp-json\/wp\/v2\/location?post=5097"}],"curies":[{"name":"wp","href":"https:\/\/api.w.org\/{rel}","templated":true}]}}